{"id":3,"date":"2022-04-06T11:03:33","date_gmt":"2022-04-06T09:03:33","guid":{"rendered":"https:\/\/ausavoy.be\/?page_id=3"},"modified":"2022-09-12T16:54:29","modified_gmt":"2022-09-12T14:54:29","slug":"politique-de-confidentialite","status":"publish","type":"page","link":"https:\/\/ausavoy.be\/fr\/politique-de-confidentialite\/","title":{"rendered":"Politique de confidentialit\u00e9"},"content":{"rendered":"\t\t<div data-elementor-type=\"wp-page\" data-elementor-id=\"3\" class=\"elementor elementor-3\" data-elementor-post-type=\"page\">\n\t\t\t\t\t\t<section class=\"elementor-section elementor-top-section elementor-element elementor-element-4a96ca0 elementor-section-full_width elementor-section-height-default elementor-section-height-default\" data-id=\"4a96ca0\" data-element_type=\"section\">\n\t\t\t\t\t\t<div class=\"elementor-container elementor-column-gap-default\">\n\t\t\t\t\t<div class=\"elementor-column elementor-col-100 elementor-top-column elementor-element elementor-element-c0ba730\" data-id=\"c0ba730\" data-element_type=\"column\">\n\t\t\t<div class=\"elementor-widget-wrap elementor-element-populated\">\n\t\t\t\t\t\t<div class=\"elementor-element elementor-element-c465216 elementor--h-position-center elementor--v-position-middle elementor-widget elementor-widget-slides\" data-id=\"c465216\" data-element_type=\"widget\" data-settings=\"{&quot;navigation&quot;:&quot;none&quot;,&quot;transition&quot;:&quot;slide&quot;,&quot;transition_speed&quot;:500}\" data-widget_type=\"slides.default\">\n\t\t\t\t<div class=\"elementor-widget-container\">\n\t\t\t\t\t\t\t\t\t<div class=\"elementor-swiper\">\n\t\t\t\t\t<div class=\"elementor-slides-wrapper elementor-main-swiper swiper\" role=\"region\" aria-roledescription=\"carousel\" aria-label=\"Diapositives\" dir=\"ltr\" data-animation=\"\">\n\t\t\t\t<div class=\"swiper-wrapper elementor-slides\">\n\t\t\t\t\t\t\t\t\t\t<div class=\"elementor-repeater-item-5b43526 swiper-slide\" role=\"group\" aria-roledescription=\"slide\"><div class=\"swiper-slide-bg\" role=\"img\" aria-label=\"DSC_3048\"><\/div><div class=\"elementor-background-overlay\"><\/div><div class=\"swiper-slide-inner\" ><div class=\"swiper-slide-contents\"><div class=\"elementor-slide-heading\">Politique de confidentialit\u00e9<\/div><\/div><\/div><\/div>\t\t\t\t<\/div>\n\t\t\t\t\t\t\t<\/div>\n\t\t\t\t<\/div>\n\t\t\t\t\t\t\t\t<\/div>\n\t\t\t\t<\/div>\n\t\t\t\t\t<\/div>\n\t\t<\/div>\n\t\t\t\t\t<\/div>\n\t\t<\/section>\n\t\t\t\t<section class=\"elementor-section elementor-top-section elementor-element elementor-element-77c0fa23 elementor-section-boxed elementor-section-height-default elementor-section-height-default\" data-id=\"77c0fa23\" data-element_type=\"section\">\n\t\t\t\t\t\t<div class=\"elementor-container elementor-column-gap-default\">\n\t\t\t\t\t<div class=\"elementor-column elementor-col-100 elementor-top-column elementor-element elementor-element-3eb38dc\" data-id=\"3eb38dc\" data-element_type=\"column\">\n\t\t\t<div class=\"elementor-widget-wrap elementor-element-populated\">\n\t\t\t\t\t\t<div class=\"elementor-element elementor-element-3cecef73 elementor-widget elementor-widget-text-editor\" data-id=\"3cecef73\" data-element_type=\"widget\" data-widget_type=\"text-editor.default\">\n\t\t\t\t<div class=\"elementor-widget-container\">\n\t\t\t\t\t\t\t\t\t<p><strong>Parties et Objet<\/strong><\/p>\n<p>La pr\u00e9sente Politique de confidentialit\u00e9 est \u00e9tablie par <strong>Trajectoire SPRL<\/strong>, situ\u00e9e <strong>Place Georges Brugmann 34-35 1050 Ixelles<\/strong>&nbsp;et inscrite \u00e0 la Banque Carrefour des entreprises sous le num\u00e9ro&nbsp;<strong>0439.905.985<\/strong>&nbsp;( ci-apr\u00e8s d\u00e9nomm\u00e9(e) \u00ab \u00able Responsable de traitement \u00bb).<\/p>\n<p>L\u2019objet de la pr\u00e9sente Politique de confidentialit\u00e9 est d&rsquo;informer en toute transparence les Utilisateurs du site internet h\u00e9berg\u00e9 \u00e0 l&rsquo;adresse suivante&nbsp;: <a href=\"https:\/\/auvieuxsaintmartin.be\/\">ausavoy.be<\/a>, (ci-apr\u00e8s le \u00ab&nbsp;Site&nbsp;\u00bb, de la mani\u00e8re dont les donn\u00e9es personnelles sont r\u00e9colt\u00e9es et trait\u00e9es par le Responsable de traitement.<\/p>\n<p>Le terme \u00ab&nbsp;Utilisateur&nbsp;\u00bb fait r\u00e9f\u00e9rence \u00e0 tout utilisateur, soit toute personne physique ou morale, qui visite ou interagit d&rsquo;une quelconque mani\u00e8re avec le Site.<\/p>\n<p>A ce titre, le Responsable de traitement d\u00e9termine tous les moyens et finalit\u00e9s techniques, juridiques et organisationnelles du traitement des donn\u00e9es personnelles des Utilisateurs. Le Responsable de traitement s&rsquo;engage \u00e0 cet effet \u00e0 prendre toutes les mesures n\u00e9cessaires pour garantir un traitement des donn\u00e9es personnelles conforme \u00e0 la loi du 30 juillet 2018, relative \u00e0 la protection des personnes physiques \u00e0 l&rsquo;\u00e9gard des traitements des donn\u00e9es \u00e0 caract\u00e8re personnel (ci-apr\u00e8s, \u00ab&nbsp;la Loi&nbsp;\u00bb) et au R\u00e8glement europ\u00e9en du 26 avril 2016 relatif \u00e0 la protection des donn\u00e9es des personnes physiques \u00e0 l&rsquo;\u00e9gard du traitement des donn\u00e9es \u00e0 caract\u00e8re personnel et \u00e0 la libre circulation de ces donn\u00e9es (ci-apr\u00e8s le \u00ab&nbsp;&nbsp;R\u00e8glement\u00bb)&nbsp;.<\/p>\n<p>Le Responsable de traitement est libre de choisir toute personne physique ou morale qui traite les donn\u00e9es personnelles des utilisateurs \u00e0 sa demande et pour son compte (ci-apr\u00e8s le \u00ab&nbsp;Sous-traitant&nbsp;\u00bb). Le cas \u00e9ch\u00e9ant, Le Responsable de traitement s&rsquo;engage \u00e0 s\u00e9lectionner un Sous-traitant offrant des garanties suffisantes quant aux mesures de s\u00e9curit\u00e9 techniques et organisationnelles du traitement des donn\u00e9es personnelles, au regard de la Loi et du R\u00e8glement.<\/p>\n<p><strong>Traitement des donn\u00e9es personnelles<\/strong><\/p>\n<p>L&rsquo;utilisation du Site par les Utilisateurs pourra entra\u00eener la communication de donn\u00e9es personnelles. Le traitement de ces donn\u00e9es par le Responsable de traitement, en sa qualit\u00e9 de Responsable de traitement, ou par les prestataires agissant au nom et pour le compte du Responsable de traitement, sera conforme \u00e0 la Loi et au R\u00e8glement.<\/p>\n<p>Les donn\u00e9es \u00e0 caract\u00e8re personnel seront trait\u00e9es par le Responsable de traitement, conform\u00e9ment aux finalit\u00e9s cit\u00e9es plus bas, via&nbsp;:<\/p>\n<p>&#8211; la proc\u00e9dure automatis\u00e9e lors de la commande;<\/p>\n<p>&#8211; l\u2019utilisation de&nbsp; cookies&nbsp;;<\/p>\n<p>&#8211; l\u2019utilisation d\u2019un formulaire pour la newsletter<\/p>\n<p><strong>Finalit\u00e9s du traitement des donn\u00e9es personnelles<\/strong><\/p>\n<p>Conform\u00e9ment \u00e0 l&rsquo;article 13 du R\u00e8glement, les finalit\u00e9s du traitement des donn\u00e9es personnelles sont communiqu\u00e9es \u00e0 l&rsquo;Utilisateur et sont les suivantes&nbsp;:<\/p>\n<ul>\n<li>assurer l&rsquo;ex\u00e9cution de ses services propos\u00e9s et convenus dans le Site&nbsp;;<\/li>\n<li>assurer le contr\u00f4le de l&rsquo;ex\u00e9cution des services propos\u00e9s&nbsp;;<\/li>\n<li>effectuer des activit\u00e9s de marketing et d&rsquo;informations promotionnelles apr\u00e8s consentement pr\u00e9alable de l&rsquo;Utilisateur et jusqu&rsquo;\u00e0 r\u00e9vocation de ce consentement par exemple l&rsquo;envoi de promotions sur les produits et services du Responsable de traitement&nbsp;;<\/li>\n<li>r\u00e9pondre aux questions de l&rsquo;Utilisateur&nbsp;;<\/li>\n<li>r\u00e9aliser des statistiques afin d&rsquo;am\u00e9liorer le site Internet, les services propos\u00e9s et l&rsquo;organisation interne de fonctionnement&nbsp;;<\/li>\n<li>am\u00e9liorer la qualit\u00e9 du Site et des produits et \/ou services propos\u00e9s par le Responsable de traitement&nbsp;;<\/li>\n<li>permettre une meilleure identification des centres d&rsquo;int\u00e9r\u00eat de l&rsquo;Utilisateur.<\/li>\n<\/ul>\n<p><strong>Donn\u00e9es personnelles susceptibles d&rsquo;\u00eatre trait\u00e9es<\/strong><\/p>\n<p>L&rsquo;Utilisateur consent, lors de la visite et lors de l&rsquo;utilisation du Site, que le Responsable de traitement recueille et traite, selon les modalit\u00e9s et principes d\u00e9crits dans la pr\u00e9sente Politique de confidentialit\u00e9, les donn\u00e9es \u00e0 caract\u00e8re personnel suivantes&nbsp;:<\/p>\n<ul>\n<li>Les informations des Utilisateurs qu&rsquo;ils donnent \u00e0 des fins contractuelles et pour permettre la bonne ex\u00e9cution des obligations r\u00e9ciproques, \u00e0 savoir le nom, pr\u00e9nom, adresse, num\u00e9ro IBAN et donn\u00e9es bancaires et plus g\u00e9n\u00e9ralement toute information volontairement donn\u00e9e par l&rsquo;Utilisateur<\/li>\n<li>Les informations de l&rsquo;Utilisateur en remplissant des formulaires ou en contactant par t\u00e9l\u00e9phone, adresse \u00e9lectronique ou autre moyen, par exemple le nom, l&rsquo;adresse \u00e9lectronique et le t\u00e9l\u00e9phone des Utilisateurs&nbsp;;<\/li>\n<li>En ce qui concerne chacune des visites des Utilisateurs sur le Site, les informations recueillies sont&nbsp;:<\/li>\n<li>l&rsquo;adresse IP, le type et le mod\u00e8le de navigateur, le fuseau horaire, le syst\u00e8me d&rsquo;exploitation<\/li>\n<li>l&rsquo;ensemble de l&rsquo;information concernant les pages que l&rsquo;utilisateur a consult\u00e9es sur le site, notamment l&rsquo;URL, le temps de navigation&#8230;<\/li>\n<\/ul>\n<p><strong>Consentement<\/strong><\/p>\n<p>En acc\u00e9dant au Site et en l&rsquo;utilisant, l&rsquo;Utilisateur d\u00e9clare avoir pris connaissance et marqu\u00e9 son accord de fa\u00e7on libre, sp\u00e9cifique, \u00e9clair\u00e9e et univoque au traitement des donn\u00e9es \u00e0 caract\u00e8re personnel le concernant. Cet accord porte sur le contenu de la pr\u00e9sente Politique de confidentialit\u00e9.<\/p>\n<p>Le consentement est donn\u00e9 par l&rsquo;acte positif par lequel l&rsquo;Utilisateur a coch\u00e9 la case proposant la Politique de confidentialit\u00e9 en lien hypertexte. Ce consentement est une condition indispensable pour effectuer certaines op\u00e9rations sur le Site ou pour permettre \u00e0 l&rsquo;Utilisateur d&rsquo;entrer en relation contractuelle avec le Responsable de traitement. Tout contrat liant le Responsable de traitement et un Utilisateur portant sur les services et biens propos\u00e9s sur le Site est subordonn\u00e9 \u00e0 l&rsquo;acceptation de la Politique de confidentialit\u00e9 par l&rsquo;Utilisateur.<\/p>\n<p>L&rsquo;Utilisateur consent \u00e0 ce que le Responsable de traitement traite et recueille, conform\u00e9ment aux modalit\u00e9s et principes compris dans la pr\u00e9sente Politique de confidentialit\u00e9, ses donn\u00e9es \u00e0 caract\u00e8re personnel qu&rsquo;il communique sur le Site ou \u00e0 l&rsquo;occasion des services propos\u00e9s par le Responsable de traitement, pour les finalit\u00e9s indiqu\u00e9es plus haut.<\/p>\n<p>L&rsquo;Utilisateur a le droit de retirer son consentement \u00e0 tout moment. Le retrait du consentement ne compromet pas la lic\u00e9it\u00e9 du traitement fond\u00e9 sur le consentement pr\u00e9alablement donn\u00e9.<\/p>\n<p><strong>Dur\u00e9e de conservation des donn\u00e9es personnelles des Utilisateurs<\/strong><\/p>\n<p>Conform\u00e9ment \u00e0 l&rsquo;article 13 \u00a72 du R\u00e8glement et de la Loi, le Responsable de traitement ne conserve les donn\u00e9es \u00e0 caract\u00e8re personnel que pendant le temps raisonnablement n\u00e9cessaire pour permettre l&rsquo;accomplissement des finalit\u00e9s pour lesquelles elles sont trait\u00e9es.<\/p>\n<p>Cette dur\u00e9e est dans tous les cas inf\u00e9rieure \u00e0&nbsp;1 an.<\/p>\n<p><strong>Destinataires des donn\u00e9es et divulgation \u00e0 des tiers<\/strong><\/p>\n<p>Les donn\u00e9es personnelles peuvent \u00eatre transmises aux pr\u00e9pos\u00e9s, collaborateurs, sous-traitants ou fournisseurs du Responsable de traitement qui offrent des garanties de s\u00e9curit\u00e9 des donn\u00e9es ad\u00e9quates, et qui collaborent avec le Responsable de traitement dans le cadre de la commercialisation de produits ou de la fourniture de services. Ils agissent sous l&rsquo;autorit\u00e9 directe du Responsable de traitement, et sont notamment responsables de recueillir, de traiter ou de sous-traiter ces donn\u00e9es.<\/p>\n<p>Dans tous les cas, les destinataires des donn\u00e9es et ceux \u00e0 qui ces donn\u00e9es ont \u00e9t\u00e9 divulgu\u00e9es respectent le contenu de la pr\u00e9sente Politique de confidentialit\u00e9. Le Responsable de traitement assure qu&rsquo;ils traiteront ces donn\u00e9es aux seules finalit\u00e9s pr\u00e9vues, de fa\u00e7on discr\u00e8te et s\u00e9curis\u00e9e.<\/p>\n<p>Dans l&rsquo;hypoth\u00e8se o\u00f9 les donn\u00e9es seraient divulgu\u00e9es \u00e0 des tiers \u00e0 des fins de marketing direct ou de prospection, l&rsquo;Utilisateur en sera pr\u00e9alablement inform\u00e9 pour qu&rsquo;il exprime son consentement \u00e0 l&rsquo;utilisation de ces donn\u00e9es personnels.<\/p>\n<p><strong>Data Protection Officer (DPO)<\/strong><\/p>\n<p>La personne suivante est nomm\u00e9e D\u00e9l\u00e9gu\u00e9 \u00e0 la Protection des Donn\u00e9es ou Data Protection Officer (ci-apr\u00e8s \u00ab&nbsp;DPO&nbsp;\u00bb)&nbsp;: M. Fr\u00e9d\u00e9ric Niels<\/p>\n<p>Le r\u00f4le du DPO est de s&rsquo;assurer la bonne mise en oeuvre des dispositions nationales et supranationales quant \u00e0 la collecte et au traitement des donn\u00e9es \u00e0 caract\u00e8re personnel.<\/p>\n<p>Le DPO peut \u00eatre contact\u00e9 comme suit&nbsp;:<\/p>\n<p>Place Georges Brugmann 34-35 1050 Ixelles<br>au +32 (0)2 8976877<\/p>\n<p><strong>Droits des Utilisateurs<\/strong><\/p>\n<p>A tout moment, l&rsquo;Utilisateur peut exercer ses droits en envoyant un message par courrier \u00e9lectronique \u00e0 l&rsquo;adresse suivante : info@ausavoy.be, ou une lettre par voie postale adress\u00e9e, en joignant une copie de sa carte d&rsquo;identit\u00e9 \u00e0 l&rsquo;adresse suivante : 38 Place Du Grand Sablon, 1000 Bruxelles.<\/p>\n<p><em>a. Droit d&rsquo;acc\u00e8s<\/em><\/p>\n<p>Conform\u00e9ment \u00e0 l&rsquo;article 15 du R\u00e8glement, le Responsable de traitement garantit le droit d&rsquo;acc\u00e8s \u00e0 l&rsquo;Utilisateur \u00e0 ses donn\u00e9es personnelles. L&rsquo;Utilisateur a le droit d&rsquo;obtenir l&rsquo;acc\u00e8s auxdites donn\u00e9es \u00e0 caract\u00e8re personnel ainsi que les informations suivantes:<\/p>\n<ul>\n<li>les finalit\u00e9s du traitement&nbsp;;<\/li>\n<li>les cat\u00e9gories de donn\u00e9es \u00e0 caract\u00e8re personnel concern\u00e9es&nbsp;;<\/li>\n<li>les destinataires ou cat\u00e9gories de destinataires auxquels les donn\u00e9es \u00e0 caract\u00e8re personnel ont \u00e9t\u00e9 ou seront communiqu\u00e9es, en particulier les destinataires qui sont \u00e9tablis dans des pays tiers ou les organisations internationales&nbsp;;<\/li>\n<li>lorsque cela est possible, la dur\u00e9e de conservation des donn\u00e9es \u00e0 caract\u00e8re personnel envisag\u00e9e ou, lorsque ce n&rsquo;est pas possible, les crit\u00e8res utilis\u00e9s pour d\u00e9terminer cette dur\u00e9e&nbsp;;<\/li>\n<li>l&rsquo;existence d&rsquo;une prise de d\u00e9cision automatis\u00e9e, y compris un profilage, vis\u00e9e \u00e0 l&rsquo;article 22, paragraphes 1 et 4 du R\u00e8glement, et, au moins en pareils cas, des informations utiles concernant la logique sous-jacente, ainsi que l&rsquo;importance et les cons\u00e9quences pr\u00e9vues de ce traitement pour la personne concern\u00e9e<\/li>\n<\/ul>\n<p>Le Responsable de traitement peut exiger le paiement de frais raisonnables bas\u00e9s sur les co\u00fbts administratifs pour toute copie suppl\u00e9mentaire demand\u00e9e par l&rsquo;Utilisateur.<\/p>\n<p>Lorsque l&rsquo;Utilisateur introduit cette demande par voie \u00e9lectronique (par le biais de l&rsquo;adresse \u00e9lectronique par exemple), les informations sont fournies sous une forme \u00e9lectronique d&rsquo;usage courant, \u00e0 moins que l&rsquo;Utilisateur ne demande qu&rsquo;il en soit autrement.<\/p>\n<p>La copie de ses donn\u00e9es sera communiqu\u00e9e \u00e0 l&rsquo;Utilisateur au plus tard dans le mois apr\u00e8s la r\u00e9ception de la demande.<\/p>\n<p><em>b.<\/em> <em>Droit de rectification<\/em><\/p>\n<p>Le Responsable de traitement garantit le droit de rectification et d&rsquo;effacement des donn\u00e9es personnelles \u00e0 l&rsquo;utilisateur.<\/p>\n<p>Conform\u00e9ment \u00e0 l&rsquo;article 16 du R\u00e8glement, les donn\u00e9es incorrectes, inexactes ou non-pertinentes peuvent \u00eatre corrig\u00e9es ou effac\u00e9es \u00e0 tout moment. L&rsquo;Utilisateur proc\u00e8de d&rsquo;abord lui-m\u00eame aux modifications n\u00e9cessaires depuis son compte utilisateur\/autre, sauf si celles-ci ne peuvent \u00eatre effectu\u00e9es de mani\u00e8re autonome, dans quel cas la demande peut en \u00eatre faite aupr\u00e8s du Responsable de traitement.<\/p>\n<p>Conform\u00e9ment \u00e0 l&rsquo;article 19 du R\u00e8glement, le Responsable de traitement notifie \u00e0 chaque destinataire auquel les donn\u00e9es \u00e0 caract\u00e8re personnel ont \u00e9t\u00e9 communiqu\u00e9es toute rectification des donn\u00e9es \u00e0 caract\u00e8re personnel, \u00e0 moins qu&rsquo;une telle communication se r\u00e9v\u00e8le impossible ou exige des efforts disproportionn\u00e9s. Le Responsable de traitement fournit \u00e0 la personne concern\u00e9e des informations sur ces destinataires si celle-ci en fait la demande.<\/p>\n<p><em>c.<\/em> <em>Droit \u00e0 l&rsquo;effacement (\u2018droit \u00e0 l\u2019oubli\u2019)<\/em><\/p>\n<p>L&rsquo;Utilisateur a le droit d&rsquo;obtenir l&rsquo;effacement de ses donn\u00e9es personnelles dans les meilleurs d\u00e9lais dans les hypoth\u00e8ses \u00e9num\u00e9r\u00e9es \u00e0 l&rsquo;article 17 du R\u00e8glement.<\/p>\n<p>Lorsque le Responsable de traitement a rendu publiques les donn\u00e9es \u00e0 caract\u00e8re personnel et qu&rsquo;il est tenu de les effacer en vertu du paragraphe pr\u00e9c\u00e9dent, le Responsable de traitement, compte tenu des technologies disponibles et des co\u00fbts de mise en \u0153uvre, prend des mesures raisonnables, y compris d&rsquo;ordre technique, pour informer les autres Responsables de traitement qui traitent ces donn\u00e9es \u00e0 caract\u00e8re personnel que la personne concern\u00e9e a demand\u00e9 l&rsquo;effacement par ces Responsables de traitement de tout lien vers ces donn\u00e9es \u00e0 caract\u00e8re personnel, ou de toute copie ou reproduction de celles-ci.<\/p>\n<p>Les deux paragraphes pr\u00e9c\u00e9dents ne s&rsquo;appliquent pas dans la mesure o\u00f9 ce traitement est n\u00e9cessaire:<\/p>\n<ul>\n<li>\u00e0 l&rsquo;exercice du droit \u00e0 la libert\u00e9 d&rsquo;expression et d&rsquo;information;<\/li>\n<li>pour respecter une obligation l\u00e9gale qui requiert le traitement pr\u00e9vue par le droit de l&rsquo;Union ou par le droit de l&rsquo;\u00c9tat membre auquel le Responsable de traitement est soumis, ou pour ex\u00e9cuter une mission d&rsquo;int\u00e9r\u00eat public ou relevant de l&rsquo;exercice de l&rsquo;autorit\u00e9 publique dont est investi le Responsable de traitement;<\/li>\n<li>\u00e0 la constatation, \u00e0 l&rsquo;exercice ou \u00e0 la d\u00e9fense de droits en justice.<\/li>\n<\/ul>\n<p>Conform\u00e9ment \u00e0 l&rsquo;article 19 du R\u00e8glement, le Responsable de traitement notifie \u00e0 chaque destinataire auquel les donn\u00e9es \u00e0 caract\u00e8re personnel ont \u00e9t\u00e9 communiqu\u00e9es tout effacement de donn\u00e9es \u00e0 caract\u00e8re personnel, \u00e0 moins qu&rsquo;une telle communication se r\u00e9v\u00e8le impossible ou exige des efforts disproportionn\u00e9s. Le Responsable de traitement fournit \u00e0 la personne concern\u00e9e des informations sur ces destinataires si celle-ci en fait la demande.<\/p>\n<p><em>d.<\/em> <em>Droit de limitation du traitement<\/em><\/p>\n<p>L&rsquo;Utilisateur a le droit d&rsquo;obtenir la limitation du traitement de ses donn\u00e9es personnelles dans les hypoth\u00e8ses \u00e9num\u00e9r\u00e9es \u00e0 l&rsquo;article 18 du R\u00e8glement.<\/p>\n<p>Conform\u00e9ment \u00e0 l&rsquo;article 19 du R\u00e8glement, le Responsable de traitement notifie \u00e0 chaque destinataire auquel les donn\u00e9es \u00e0 caract\u00e8re personnel ont \u00e9t\u00e9 communiqu\u00e9es toute limitation du traitement effectu\u00e9, \u00e0 moins qu&rsquo;une telle communication se r\u00e9v\u00e8le impossible ou exige des efforts disproportionn\u00e9s. Le Responsable de traitement fournit \u00e0 la personne concern\u00e9e des informations sur ces destinataires si celle-ci en fait la demande.<\/p>\n<p><em>e.<\/em> <em>Droit de portabilit\u00e9 des donn\u00e9es<\/em><\/p>\n<p>Conform\u00e9ment \u00e0 l&rsquo;article 20 du R\u00e8glement, les Utilisateurs ont le droit de recevoir du Responsable de traitement les donn\u00e9es \u00e0 caract\u00e8re personnel les concernant dans un format structur\u00e9, couramment utilis\u00e9 et lisible par machine. Les Utilisateurs ont le droit de transmettre ces donn\u00e9es \u00e0 un autre Responsable de traitement sans que Le Responsable de traitement y fasse obstacle dans les cas pr\u00e9vus par le R\u00e8glement.<\/p>\n<p>Lorsque l&rsquo;Utilisateur exerce son droit \u00e0 la portabilit\u00e9 des donn\u00e9es en application du paragraphe pr\u00e9c\u00e9dent, il a le droit d&rsquo;obtenir que les donn\u00e9es \u00e0 caract\u00e8re personnel soient transmises directement d&rsquo;un Responsable de traitement \u00e0 un autre, lorsque cela est techniquement possible.<\/p>\n<p>L&rsquo;exercice du droit de portabilit\u00e9 des donn\u00e9es s&rsquo;entend sans pr\u00e9judice du droit \u00e0 l&rsquo;effacement. Ce droit ne s&rsquo;applique pas au traitement n\u00e9cessaire \u00e0 l&rsquo;ex\u00e9cution d&rsquo;une mission d&rsquo;int\u00e9r\u00eat public ou relevant de l&rsquo;exercice de l&rsquo;autorit\u00e9 publique dont est investi le Responsable de traitement.<\/p>\n<p>Le droit de portabilit\u00e9 des donn\u00e9es ne porte pas atteinte aux droits et libert\u00e9s de tiers.<\/p>\n<p><em>f.<\/em> <em>Droit d&rsquo;opposition et prise de d\u00e9cision individuelle automatis\u00e9e<\/em><\/p>\n<p>L&rsquo;Utilisateur dispose \u00e0 tout moment du droit de s&rsquo;opposer au traitement de ses donn\u00e9es personnelles en raison de sa situation particuli\u00e8re, y compris l&rsquo;automatisation des donn\u00e9es effectu\u00e9e par le Responsable de traitement. Conform\u00e9ment \u00e0 l&rsquo;article 21 du R\u00e8glement, le Responsable de traitement ne traitera plus les donn\u00e9es \u00e0 caract\u00e8re personnel, \u00e0 moins qu&rsquo;il existe des motifs l\u00e9gitimes et imp\u00e9rieux pour le traitement qui pr\u00e9valent sur les int\u00e9r\u00eats et les droits et libert\u00e9s de l&rsquo;Utilisateur, ou pour la constatation, l&rsquo;exercice ou la d\u00e9fense de droits en justice.<\/p>\n<p>Lorsque les donn\u00e9es \u00e0 caract\u00e8re personnel sont trait\u00e9es \u00e0 des fins de prospection, l&rsquo;Utilisateur a le droit de s&rsquo;opposer \u00e0 tout moment au traitement des donn\u00e9es \u00e0 caract\u00e8re personnel la concernant \u00e0 de telles fins de prospection, y compris au profilage dans la mesure o\u00f9 il est li\u00e9 \u00e0 une telle prospection.<\/p>\n<p>Lorsque la personne concern\u00e9e s&rsquo;oppose au traitement \u00e0 des fins de prospection, les donn\u00e9es \u00e0 caract\u00e8re personnel ne sont plus trait\u00e9es \u00e0 ces fins.<\/p>\n<p><em>g.<\/em> <em>Droit de plainte<\/em><\/p>\n<p>L&rsquo;Utilisateur dispose du droit d&rsquo;introduire une plainte concernant le traitement de ses donn\u00e9es personnelles par le Responsable de traitement aupr\u00e8s de l&rsquo;Autorit\u00e9 de Protection des Donn\u00e9es, comp\u00e9tente pour le territoire belge. De plus amples informations peuvent \u00eatre trouv\u00e9es sur le site internet:<\/p>\n<p><a href=\"https:\/\/www.autoriteprotectiondonnees.be.\">https:\/\/www.autoriteprotectiondonnees.be.<\/a><\/p>\n<p>L&rsquo;introduction d&rsquo;une plainte se fait\u00e0 l\u2019adresse suivante:<\/p>\n<p>Autorit\u00e9 de Protection des Donn\u00e9es<br>Rue de la Presse 35, 1000 Bruxelles<br>T\u00e9l. + 32 2 274 48 00<br>Fax. + 32 2 274 48 35<br>E-mail: contact@apd-gba.be<\/p>\n<p>L&rsquo;Utilisateur peut \u00e9galement introduire une plainte aupr\u00e8s du tribunal de premi\u00e8re instance de son domicile.<\/p>\n<p><strong>Cookies<\/strong><\/p>\n<p>Le Site utilise des cookies pour distinguer les Utilisateurs du Site. Cela permet de fournir aux Utilisateurs une meilleure exp\u00e9rience de navigation et une am\u00e9lioration du Site et de son contenu. Les objectifs et modalit\u00e9s des cookies sont contenus dans ce pr\u00e9sent article.<\/p>\n<p><em>a. Principes g\u00e9n\u00e9raux<\/em><\/p>\n<p>Un \u00ab&nbsp;Cookie&nbsp;\u00bb est un fichier d\u00e9pos\u00e9 temporairement ou de fa\u00e7on permanente sur le disque dur de l&rsquo;Utilisateur lors de la consultation du Site Internet, en vue d&rsquo;une connexion ult\u00e9rieure. Gr\u00e2ce aux cookies, le serveur reconna\u00eet l&rsquo;ordinateur de l&rsquo;Utilisateur.<\/p>\n<p>Les cookies peuvent aussi \u00eatre install\u00e9s par des tiers avec lesquels le Responsable de traitement collabore.<\/p>\n<p>Certains des cookies utilis\u00e9s par le Responsable de traitement sont n\u00e9cessaires au bon fonctionnement du Site, d&rsquo;autres permettent d&rsquo;am\u00e9liorer l&rsquo;exp\u00e9rience de l&rsquo;Utilisateur.<\/p>\n<p>L&rsquo;Utilisateur peut personnaliser ou d\u00e9sactiver les cookies en param\u00e9trant son navigateur.<\/p>\n<p>En utilisant le Site Internet, l&rsquo;Utilisateur marque express\u00e9ment son accord avec la gestion des cookies telle que d\u00e9crite dans le pr\u00e9sent article.<\/p>\n<p><em>b.<\/em> <em>Type de cookies et finalit\u00e9s poursuivies<\/em><\/p>\n<p>Diff\u00e9rents types de cookies sont utilis\u00e9s par le Responsable de traitement sur le Site&nbsp;:<\/p>\n<ul>\n<li>Les cookies techniques&nbsp;: ils sont n\u00e9cessaires \u00e0 l&rsquo;exploitation du Site Internet, permettent la communication des donn\u00e9es introduites et sont destin\u00e9s \u00e0 faciliter la navigation de l&rsquo;Utilisateur&nbsp;;<\/li>\n<li>Les cookies de mesures statistiques et d&rsquo;audience&nbsp;: ces cookies permettent la reconnaissance de l&rsquo;Utilisateur et sont utilis\u00e9s afin de comptabiliser le nombre d&rsquo;Utilisateurs du Site Internet sur une certaine p\u00e9riode. D\u00e8s lors qu&rsquo;ils indiquent aussi le comportement de navigation, ils sont un moyen efficace pour am\u00e9liorer la navigation de l&rsquo;Utilisateur, en lui affichant des propositions et offres susceptibles de l&rsquo;int\u00e9resser. Ils permettent aussi au Responsable de traitement de rep\u00e9rer les possibles bugs sur le Site Internet et de les corriger.<\/li>\n<li>Les cookies fonctionnels&nbsp;: ces cookies facilitent l&rsquo;utilisation du Site Internet en retenant certains choix introduits (par exemple, le nom d&rsquo;utilisateur ou la langue)&nbsp;;<\/li>\n<li>Les cookies de tra\u00e7age&nbsp;: le Responsable de traitement utilise des cookies de tra\u00e7age via Google Analytics, pour mesurer l&rsquo;interaction des Utilisateurs avec le contenu du Site et produire des statistiques anonymes. Ces statistiques permettent au Responsable de traitement de perfectionner le Site Internet. Google \u00e9taye l&rsquo;explication de ces cookies \u00e0 l&rsquo;adresse suivante: http:\/\/www.google.nl\/intl\/en_uk\/policies\/privacy\/<\/li>\n<\/ul>\n<p><em>c.<\/em> <em>D\u00e9lai de conservation des cookies<\/em><\/p>\n<p>Les cookies sont conserv\u00e9s pour le temps n\u00e9cessaire \u00e0 l&rsquo;accomplissement de la finalit\u00e9 poursuivie. Les cookies susceptibles d&rsquo;\u00eatre stock\u00e9s sur le disque dur de l&rsquo;Utilisateur ainsi que leur d\u00e9lai de conservation sont les suivants&nbsp;:<\/p>\n<p>Le d\u00e9lai de conservation des cookies varie en fonction de leur type&nbsp;: les cookies indispensables sont g\u00e9n\u00e9ralement conserv\u00e9s jusqu\u2019\u00e0 la fermeture du navigateur, tandis que les cookies fonctionnels restent valides 1 an et les cookies de mesures statistiques, 4 ans.<\/p>\n<p><em>d.<\/em> <em>Gestion des cookies<\/em><\/p>\n<p>Si l&rsquo;Utilisateur ne veut pas que le Site Internet place des cookies sur son disque dur, il lui est ais\u00e9 de les g\u00e9rer ou les supprimer en modifiant les param\u00e8tres de son navigateur. La programmation du navigateur permet aussi \u00e0 l&rsquo;Utilisateur de recevoir un avis ou une notification d\u00e8s qu&rsquo;un Site Internet utilise des cookies et ainsi d\u00e9cider d&rsquo;accepter cela, ou de le refuser.<\/p>\n<p>Si l&rsquo;Utilisateur d\u00e9sactive certains cookies, il accepte que le Site Internet puisse ne pas fonctionner de mani\u00e8re optimale. Certaines parties du Site Internet pourraient ainsi ne pas \u00eatre utilisables, ou l&rsquo;\u00eatre partiellement.<\/p>\n<p>Si l&rsquo;Utilisateur souhaite ainsi g\u00e9rer et\/ou supprimer certains cookies, il peut le faire en utilisant le\/les lien(s) suivant(s):<\/p>\n<p>Pour les Utilisateurs ayant comme navigateur&nbsp;:<\/p>\n<ul>\n<li>Internet Explorer&nbsp;: http:\/\/windows.microsoft.com\/en-us\/windows-vista\/block-or-allow-cookies<\/li>\n<li>Microsoft Edge&nbsp;: http:\/\/windows.microsoft.com\/en-gb\/windows-10\/edge-privacy-faq<\/li>\n<li>Chrome&nbsp;: https:\/\/support.google.com\/accounts\/answer\/61416?hl=fr<\/li>\n<li>Firefox&nbsp;: https:\/\/support.mozilla.org\/fr\/kb\/activer-desactiver-cookies-preferences<\/li>\n<li>Safari&nbsp;: https:\/\/support.apple.com\/kb\/ph21411?locale=fr_CA<\/li>\n<\/ul>\n<p>Si l&rsquo;Utilisateur refuse que les cookies de Google Analytics soient utilis\u00e9s, il est invit\u00e9 \u00e0 param\u00e9trer son navigateur en ce sens, sur le site web suivant&nbsp;: http:\/\/tools.google.com\/dlpage\/gaoptout.<\/p>\n<p><strong>Limitation de responsabilit\u00e9 du Responsable de traitement<\/strong><\/p>\n<p>Le site Internet peut contenir des liens vers d&rsquo;autres sites internet d\u00e9tenus par des tiers non li\u00e9s au Responsable de traitement. Le contenu de ces sites et le respect de ceux-ci au regard de la Loi et du R\u00e8glement ne rel\u00e8vent pas de la responsabilit\u00e9 du Responsable de traitement.<\/p>\n<p>Le titulaire de l&rsquo;autorit\u00e9 parentale doit donner son consentement expr\u00e8s pour que le mineur de moins de 16 ans puisse divulguer des informations ou donn\u00e9es personnelles sur le site Internet. Le Responsable de traitement conseille vivement aux personnes exer\u00e7ant l&rsquo;autorit\u00e9 parentale sur des mineurs de promouvoir une utilisation responsable et s\u00e9curis\u00e9e d&rsquo;Internet. Le Responsable de traitement ne peut \u00eatre tenu responsable pour avoir collect\u00e9 et trait\u00e9 des informations et donn\u00e9es personnelles de mineurs de moins de 16 ans dont le consentement n&rsquo;est pas effectivement couvert par celui de leurs parents l\u00e9gaux ou pour des donn\u00e9es incorrectes -notamment concernant l&rsquo;\u00e2ge- introduites par des mineurs. En aucun cas, des donn\u00e9es personnelles ne seront trait\u00e9es par le Responsable de traitement si l&rsquo;Utilisateur pr\u00e9cise qu&rsquo;il est \u00e2g\u00e9 de moins de 16 ans.<\/p>\n<p>Le Responsable de traitement n&rsquo;est pas responsable de la perte, de la corruption ou du vol de donn\u00e9es personnelles caus\u00e9s notamment par la pr\u00e9sence de virus ou suite \u00e0 des attaques informatiques.<\/p>\n<p><strong>S\u00e9curit\u00e9<\/strong><\/p>\n<p>Le Responsable de traitement met en \u0153uvre les mesures organisationnelles et techniques afin de garantir un niveau de s\u00e9curit\u00e9 appropri\u00e9e au traitement et r\u00e9colte des donn\u00e9es. Ces mesures de s\u00e9curit\u00e9 d\u00e9pendent des co\u00fbts de mise en oeuvre au regard de la nature, du contexte et des finalit\u00e9s du traitement des donn\u00e9es personnelles.<\/p>\n<p>Le Responsable de traitement utilise les technologies de cryptage standards au sein du secteur IT lors du transfert ou du recueil des donn\u00e9es sur le Site.<\/p>\n<p><strong>Modification de la Politique de confidentialit\u00e9<\/strong><\/p>\n<p>Le Responsable de traitement se r\u00e9serve le droit de modifier la pr\u00e9sente Politique de confidentialit\u00e9 afin de se conformer aux obligations l\u00e9gales en la mati\u00e8re. L&rsquo;utilisateur est d\u00e8s lors invit\u00e9 \u00e0 consulter r\u00e9guli\u00e8rement la Politique de confidentialit\u00e9 afin de prendre connaissance des modifications et adaptations. Une telle modification sera affich\u00e9e sur le Site ou envoy\u00e9e par mail \u00e0 des fins d&rsquo;opposabilit\u00e9.<\/p>\n<p><strong>Droit applicable et juridiction comp\u00e9tente<\/strong><\/p>\n<p>La pr\u00e9sente Politique de confidentialit\u00e9 est exclusivement r\u00e9gie par le droit belge. Tout litige rel\u00e8vera de la comp\u00e9tence exclusive des tribunaux de l\u2019arrondissement judiciaire de Bruxelles.<\/p>\n<p><strong>Contact<\/strong><\/p>\n<p>Pour toute question ou r\u00e9clamation relative \u00e0 la pr\u00e9sente Politique de confidentialit\u00e9, l&rsquo;Utilisateur peut contacter le Responsable de traitement&nbsp;:<\/p>\n<p>Par email : info@ausavoy.be<br>Par t\u00e9l\u00e9phone : +32 (0)2 512 64 76<\/p>\n<p>Par courrier : Place Georges Brugmann 34-35, 1050 Ixelles<\/p>\n<p>La pr\u00e9sente version de la Politique de Confidentialit\u00e9 date du 1\/08\/2022<\/p>\t\t\t\t\t\t\t\t<\/div>\n\t\t\t\t<\/div>\n\t\t\t\t\t<\/div>\n\t\t<\/div>\n\t\t\t\t\t<\/div>\n\t\t<\/section>\n\t\t\t\t<\/div>\n\t\t","protected":false},"excerpt":{"rendered":"<p>Politique de confidentialit\u00e9 Parties et Objet La pr\u00e9sente Politique de confidentialit\u00e9 est \u00e9tablie par Trajectoire SPRL, situ\u00e9e Place Georges Brugmann 34-35 1050 Ixelles&nbsp;et inscrite \u00e0 la Banque Carrefour des entreprises sous le num\u00e9ro&nbsp;0439.905.985&nbsp;( ci-apr\u00e8s d\u00e9nomm\u00e9(e) \u00ab \u00able Responsable de traitement \u00bb). L\u2019objet de la pr\u00e9sente Politique de confidentialit\u00e9 est d&rsquo;informer en toute transparence les Utilisateurs [&hellip;]<\/p>\n","protected":false},"author":5,"featured_media":0,"parent":0,"menu_order":0,"comment_status":"closed","ping_status":"open","template":"","meta":{"footnotes":""},"class_list":["post-3","page","type-page","status-publish","hentry"],"yoast_head":"<!-- This site is optimized with the Yoast SEO plugin v26.6 - https:\/\/yoast.com\/wordpress\/plugins\/seo\/ -->\n<title>Politique de confidentialit\u00e9 - Au Savoy<\/title>\n<meta name=\"robots\" content=\"index, follow, max-snippet:-1, max-image-preview:large, max-video-preview:-1\" \/>\n<link rel=\"canonical\" href=\"https:\/\/ausavoy.be\/fr\/politique-de-confidentialite\/\" \/>\n<meta property=\"og:locale\" content=\"fr_FR\" \/>\n<meta property=\"og:type\" content=\"article\" \/>\n<meta property=\"og:title\" content=\"Politique de confidentialit\u00e9 - Au Savoy\" \/>\n<meta property=\"og:description\" content=\"Politique de confidentialit\u00e9 Parties et Objet La pr\u00e9sente Politique de confidentialit\u00e9 est \u00e9tablie par Trajectoire SPRL, situ\u00e9e Place Georges Brugmann 34-35 1050 Ixelles&nbsp;et inscrite \u00e0 la Banque Carrefour des entreprises sous le num\u00e9ro&nbsp;0439.905.985&nbsp;( ci-apr\u00e8s d\u00e9nomm\u00e9(e) \u00ab \u00able Responsable de traitement \u00bb). L\u2019objet de la pr\u00e9sente Politique de confidentialit\u00e9 est d&rsquo;informer en toute transparence les Utilisateurs [&hellip;]\" \/>\n<meta property=\"og:url\" content=\"https:\/\/ausavoy.be\/fr\/politique-de-confidentialite\/\" \/>\n<meta property=\"og:site_name\" content=\"Au Savoy\" \/>\n<meta property=\"article:publisher\" content=\"https:\/\/www.facebook.com\/ausavoy\" \/>\n<meta property=\"article:modified_time\" content=\"2022-09-12T14:54:29+00:00\" \/>\n<meta name=\"twitter:card\" content=\"summary_large_image\" \/>\n<meta name=\"twitter:label1\" content=\"Dur\u00e9e de lecture estim\u00e9e\" \/>\n\t<meta name=\"twitter:data1\" content=\"18 minutes\" \/>\n<script type=\"application\/ld+json\" class=\"yoast-schema-graph\">{\"@context\":\"https:\/\/schema.org\",\"@graph\":[{\"@type\":\"WebPage\",\"@id\":\"https:\/\/ausavoy.be\/fr\/politique-de-confidentialite\/\",\"url\":\"https:\/\/ausavoy.be\/fr\/politique-de-confidentialite\/\",\"name\":\"Politique de confidentialit\u00e9 - Au Savoy\",\"isPartOf\":{\"@id\":\"https:\/\/ausavoy.be\/fr\/#website\"},\"datePublished\":\"2022-04-06T09:03:33+00:00\",\"dateModified\":\"2022-09-12T14:54:29+00:00\",\"breadcrumb\":{\"@id\":\"https:\/\/ausavoy.be\/fr\/politique-de-confidentialite\/#breadcrumb\"},\"inLanguage\":\"fr-FR\",\"potentialAction\":[{\"@type\":\"ReadAction\",\"target\":[\"https:\/\/ausavoy.be\/fr\/politique-de-confidentialite\/\"]}]},{\"@type\":\"BreadcrumbList\",\"@id\":\"https:\/\/ausavoy.be\/fr\/politique-de-confidentialite\/#breadcrumb\",\"itemListElement\":[{\"@type\":\"ListItem\",\"position\":1,\"name\":\"Home\",\"item\":\"https:\/\/ausavoy.be\/fr\/\"},{\"@type\":\"ListItem\",\"position\":2,\"name\":\"Politique de confidentialit\u00e9\"}]},{\"@type\":\"WebSite\",\"@id\":\"https:\/\/ausavoy.be\/fr\/#website\",\"url\":\"https:\/\/ausavoy.be\/fr\/\",\"name\":\"Au Savoy\",\"description\":\"\",\"publisher\":{\"@id\":\"https:\/\/ausavoy.be\/fr\/#organization\"},\"potentialAction\":[{\"@type\":\"SearchAction\",\"target\":{\"@type\":\"EntryPoint\",\"urlTemplate\":\"https:\/\/ausavoy.be\/fr\/?s={search_term_string}\"},\"query-input\":{\"@type\":\"PropertyValueSpecification\",\"valueRequired\":true,\"valueName\":\"search_term_string\"}}],\"inLanguage\":\"fr-FR\"},{\"@type\":\"Organization\",\"@id\":\"https:\/\/ausavoy.be\/fr\/#organization\",\"name\":\"Au Savoy\",\"url\":\"https:\/\/ausavoy.be\/fr\/\",\"logo\":{\"@type\":\"ImageObject\",\"inLanguage\":\"fr-FR\",\"@id\":\"https:\/\/ausavoy.be\/fr\/#\/schema\/logo\/image\/\",\"url\":\"https:\/\/ausavoy.be\/wp-content\/uploads\/2022\/08\/svy-logo-full-dark-blue.png\",\"contentUrl\":\"https:\/\/ausavoy.be\/wp-content\/uploads\/2022\/08\/svy-logo-full-dark-blue.png\",\"width\":800,\"height\":277,\"caption\":\"Au Savoy\"},\"image\":{\"@id\":\"https:\/\/ausavoy.be\/fr\/#\/schema\/logo\/image\/\"},\"sameAs\":[\"https:\/\/www.facebook.com\/ausavoy\",\"https:\/\/www.instagram.com\/ausavoy\"]}]}<\/script>\n<!-- \/ Yoast SEO plugin. -->","yoast_head_json":{"title":"Politique de confidentialit\u00e9 - Au Savoy","robots":{"index":"index","follow":"follow","max-snippet":"max-snippet:-1","max-image-preview":"max-image-preview:large","max-video-preview":"max-video-preview:-1"},"canonical":"https:\/\/ausavoy.be\/fr\/politique-de-confidentialite\/","og_locale":"fr_FR","og_type":"article","og_title":"Politique de confidentialit\u00e9 - Au Savoy","og_description":"Politique de confidentialit\u00e9 Parties et Objet La pr\u00e9sente Politique de confidentialit\u00e9 est \u00e9tablie par Trajectoire SPRL, situ\u00e9e Place Georges Brugmann 34-35 1050 Ixelles&nbsp;et inscrite \u00e0 la Banque Carrefour des entreprises sous le num\u00e9ro&nbsp;0439.905.985&nbsp;( ci-apr\u00e8s d\u00e9nomm\u00e9(e) \u00ab \u00able Responsable de traitement \u00bb). L\u2019objet de la pr\u00e9sente Politique de confidentialit\u00e9 est d&rsquo;informer en toute transparence les Utilisateurs [&hellip;]","og_url":"https:\/\/ausavoy.be\/fr\/politique-de-confidentialite\/","og_site_name":"Au Savoy","article_publisher":"https:\/\/www.facebook.com\/ausavoy","article_modified_time":"2022-09-12T14:54:29+00:00","twitter_card":"summary_large_image","twitter_misc":{"Dur\u00e9e de lecture estim\u00e9e":"18 minutes"},"schema":{"@context":"https:\/\/schema.org","@graph":[{"@type":"WebPage","@id":"https:\/\/ausavoy.be\/fr\/politique-de-confidentialite\/","url":"https:\/\/ausavoy.be\/fr\/politique-de-confidentialite\/","name":"Politique de confidentialit\u00e9 - Au Savoy","isPartOf":{"@id":"https:\/\/ausavoy.be\/fr\/#website"},"datePublished":"2022-04-06T09:03:33+00:00","dateModified":"2022-09-12T14:54:29+00:00","breadcrumb":{"@id":"https:\/\/ausavoy.be\/fr\/politique-de-confidentialite\/#breadcrumb"},"inLanguage":"fr-FR","potentialAction":[{"@type":"ReadAction","target":["https:\/\/ausavoy.be\/fr\/politique-de-confidentialite\/"]}]},{"@type":"BreadcrumbList","@id":"https:\/\/ausavoy.be\/fr\/politique-de-confidentialite\/#breadcrumb","itemListElement":[{"@type":"ListItem","position":1,"name":"Home","item":"https:\/\/ausavoy.be\/fr\/"},{"@type":"ListItem","position":2,"name":"Politique de confidentialit\u00e9"}]},{"@type":"WebSite","@id":"https:\/\/ausavoy.be\/fr\/#website","url":"https:\/\/ausavoy.be\/fr\/","name":"Au Savoy","description":"","publisher":{"@id":"https:\/\/ausavoy.be\/fr\/#organization"},"potentialAction":[{"@type":"SearchAction","target":{"@type":"EntryPoint","urlTemplate":"https:\/\/ausavoy.be\/fr\/?s={search_term_string}"},"query-input":{"@type":"PropertyValueSpecification","valueRequired":true,"valueName":"search_term_string"}}],"inLanguage":"fr-FR"},{"@type":"Organization","@id":"https:\/\/ausavoy.be\/fr\/#organization","name":"Au Savoy","url":"https:\/\/ausavoy.be\/fr\/","logo":{"@type":"ImageObject","inLanguage":"fr-FR","@id":"https:\/\/ausavoy.be\/fr\/#\/schema\/logo\/image\/","url":"https:\/\/ausavoy.be\/wp-content\/uploads\/2022\/08\/svy-logo-full-dark-blue.png","contentUrl":"https:\/\/ausavoy.be\/wp-content\/uploads\/2022\/08\/svy-logo-full-dark-blue.png","width":800,"height":277,"caption":"Au Savoy"},"image":{"@id":"https:\/\/ausavoy.be\/fr\/#\/schema\/logo\/image\/"},"sameAs":["https:\/\/www.facebook.com\/ausavoy","https:\/\/www.instagram.com\/ausavoy"]}]}},"_links":{"self":[{"href":"https:\/\/ausavoy.be\/fr\/wp-json\/wp\/v2\/pages\/3","targetHints":{"allow":["GET"]}}],"collection":[{"href":"https:\/\/ausavoy.be\/fr\/wp-json\/wp\/v2\/pages"}],"about":[{"href":"https:\/\/ausavoy.be\/fr\/wp-json\/wp\/v2\/types\/page"}],"author":[{"embeddable":true,"href":"https:\/\/ausavoy.be\/fr\/wp-json\/wp\/v2\/users\/5"}],"replies":[{"embeddable":true,"href":"https:\/\/ausavoy.be\/fr\/wp-json\/wp\/v2\/comments?post=3"}],"version-history":[{"count":31,"href":"https:\/\/ausavoy.be\/fr\/wp-json\/wp\/v2\/pages\/3\/revisions"}],"predecessor-version":[{"id":3552,"href":"https:\/\/ausavoy.be\/fr\/wp-json\/wp\/v2\/pages\/3\/revisions\/3552"}],"wp:attachment":[{"href":"https:\/\/ausavoy.be\/fr\/wp-json\/wp\/v2\/media?parent=3"}],"curies":[{"name":"wp","href":"https:\/\/api.w.org\/{rel}","templated":true}]}}